{"id":29,"date":"2020-11-10T13:27:10","date_gmt":"2020-11-10T13:27:10","guid":{"rendered":"http:\/\/aus-ape.cz\/?page_id=29"},"modified":"2025-12-29T18:48:02","modified_gmt":"2025-12-29T17:48:02","slug":"aktivity","status":"publish","type":"page","link":"https:\/\/aus-ape.cz\/es\/aktivity\/","title":{"rendered":"Aktivity"},"content":{"rendered":"<p class=\"has-text-align-center\" style=\"font-size:22px\"><strong>el 22 de noviembre 2025<\/strong><\/p>\n\n\n\n<p class=\"has-text-align-center\" style=\"font-size:22px\"><strong>Jornada de la APE<\/strong><\/p>\n\n\n\n<p class=\"has-text-align-center\" style=\"font-size:25px\"><strong>&nbsp;Gymn\u00e1zium Lu\u010fka Pika, Plze\u0148<\/strong><\/p>\n\n\n\n<figure class=\"wp-block-table\"><table><tbody><tr><td><\/td><td>Programa<\/td><td>Tema<\/td><\/tr><tr><td>10:00<\/td><td>Bienvenida e Introducci\u00f3n.<\/td><td><\/td><\/tr><tr><td>10:00-11:00<\/td><td>Santiago Fari\u00f1a<\/td><td>Obras son amores y no buenas razones &#8230;c\u00f3mo explicar y ejercitar los art\u00edculos.<\/td><\/tr><tr><td>11.10 &#8211; 12.25<\/td><td>Mat\u011bj Ptaszek<\/td><td>Corta la hierba, no se ven los serpientes.<br><br>Las historias de Mateo Ptaszek, el bluesman conocido, sobre la vida en Colombia.<\/td><\/tr><tr><td>12:30-13:30<\/td><td>Pausa para la comida<\/td><td><\/td><\/tr><tr><td>13:30-15:00<\/td><td>Edita Pacl\u00edkov\u00e1<\/td><td>Las estrategias de c\u00f3mo trabajar con el nuevo manual\u00a0<em>Nos vemos hoy 1.\u00a0<\/em><\/td><\/tr><\/tbody><\/table><\/figure>\n\n\n\n<p class=\"has-text-align-center\" style=\"font-size:22px\"><strong>31 de mayo de 2025<\/strong><\/p>\n\n\n\n<p class=\"has-text-align-center\" style=\"font-size:22px\"><strong>Jornada de la APE<\/strong><\/p>\n\n\n\n<p class=\"has-text-align-center\" style=\"font-size:25px\"><strong>Albertov<\/strong><\/p>\n\n\n\n<figure class=\"wp-block-table\"><table><tbody><tr><td><\/td><td>Programa<\/td><td>Tema<\/td><\/tr><tr><td>10:05<\/td><td>Concurso de la Sociedad Iberoamericana la entrega de premios.<strong> Prof. RNDr. Bohum\u00edr Jansk\u00fd, CSc.<\/strong>  PFUK, Praha<\/td><td>\u201cCreatividad del mundo<br>iberoamericano\u201c<\/td><\/tr><tr><td>10: 15<\/td><td>PhDr. Olga Vil\u00edmkov\u00e1, Ph.D.<br>V\u0160E, Praha<\/td><td>\u201cLa vida espiritual de los Mayas de Guatemala y de<br>los Incas en Per\u00fa\u201c<\/td><\/tr><tr><td>12:00<\/td><td>SGEL Estefan\u00eda Velasco: <\/td><td>C\u00f3mo promover la atenci\u00f3n en el aula con coherencia y<br>ritmo.<\/td><\/tr><tr><td>13:00<\/td><td>Asociaci\u00f3n de Profesores<\/td><td>informaci\u00f3n, actividades, elecciones al Comit\u00e9<\/td><\/tr><tr><td>13:30<\/td><td>Asociaci\u00f3n de Profesores<\/td><td>Debate. Sorteo. Despedida.<\/td><\/tr><\/tbody><\/table><\/figure>\n\n\n\n<p class=\"has-text-align-center\" style=\"font-size:23px\"><strong>8 de junio de 2024 <\/strong><\/p>\n\n\n\n<p class=\"has-text-align-center\" style=\"font-size:23px\"><strong>Jornada de la APE <\/strong><\/p>\n\n\n\n<p class=\"has-text-align-center\" style=\"font-size:27px\"><strong>Zl\u00edn  <\/strong><\/p>\n\n\n\n<p class=\"has-text-align-center has-normal-font-size\"><strong>Gymn\u00e1zium a Jazykov\u00e1 \u0161kola s pr\u00e1vem st\u00e1tn\u00ed jazykov\u00e9 zkou\u0161ky <\/strong><\/p>\n\n\n\n<figure class=\"wp-block-table\"><table><tbody><tr><td><\/td><td>Programa<\/td><td>Tema<\/td><\/tr><tr><td>10:30<\/td><td><strong>dr. Milada Mal\u00e1<\/strong>, <strong>dr. Athena Alchazid<\/strong>u, Masarykova univerzita Brno<\/td><td>El potencial de las microactividades en la clase de ELE<\/td><\/tr><tr><td>11:45<\/td><td><strong>doc. Ji\u0159\u00ed Chalupa, <\/strong>Ostravsk\u00e1 univerzita<\/td><td>&#8222;O \u010dem se mluv\u00ed a p\u00ed\u0161e (a kdy\u017e n\u00e1hodou nemluv\u00ed a nep\u00ed\u0161e, ur\u010dit\u011b by m\u011blo) v dne\u0161n\u00edm \u0160pan\u011blsku&#8220;<\/td><\/tr><tr><td>13:15<\/td><td><strong>Alba Castro<\/strong>, Universidad Internacional de La Rioja<\/td><td>&#8222;El lenguaje de los j\u00f3venes&#8220;<\/td><\/tr><tr><td>14:00<\/td><td><strong>Ivana Freitagov\u00e1 <\/strong>(Gymn\u00e1zium Hladnov a J\u0160 Ostrava).<\/td><td>Informace o zkou\u0161k\u00e1ch DELE<\/td><\/tr><tr><td>14:20<\/td><td><\/td><td>Losov\u00e1n\u00ed o p\u011bkn\u00e9 ceny; diskuse; z\u00e1v\u011br.<\/td><\/tr><\/tbody><\/table><\/figure>\n\n\n\n<h3 class=\"has-text-align-center\">9 de diciembre de 2023<\/h3>\n\n\n\n<h3 class=\"has-text-align-center\">Jornada de la APE<\/h3>\n\n\n\n<h3 class=\"has-text-align-center\"> Praga, P\u0159\u00edrodov\u011bdeck\u00e1 fakulta<\/h3>\n\n\n\n<figure class=\"wp-block-table\"><table><tbody><tr><td><\/td><td>Programa<\/td><td>Tema<\/td><\/tr><tr><td>10:00<\/td><td><strong>Gonzalo Manglano de Garay<\/strong>,<br>Instituto Cervantes de Praga<\/td><td>P\u0159iv\u00edt\u00e1n\u00ed. Instituto Cervantes: Novinky a akce.<\/td><\/tr><tr><td>10:10<\/td><td><strong>Petr Zamazal<\/strong><\/td><td>\u0160pan\u011blsk\u00fd ples v Praze<\/td><\/tr><tr><td>10:20<\/td><td><strong>\u010cesk\u00e1 iberoamerick\u00e1 spole\u010dnost<\/strong><\/td><td>akce, sout\u011b\u017ee pro \u0161koly<\/td><\/tr><tr><td>10:25<\/td><td>prof. RNDr.<strong> Bohum\u00edr Jansk\u00fd,<\/strong> CSc.<\/td><td>Amazonka: 23 let od objevu pramen\u016f \u010desk\u00fdmi<br>expedicemi<\/td><\/tr><tr><td>12:00<\/td><td><strong>Au\u0161 &#8211; Ape<\/strong><\/td><td>zpr\u00e1va o \u010dinnosti, valn\u00e1 hromada, volby do v\u00fdboru<\/td><\/tr><tr><td>12:10<\/td><td>Mgr. <strong>Lucie \u010cechov\u00e1<\/strong>: . Jazykov\u00e1<br>\u0161kola Contexta s.r.o.-za\u0159\u00edzen\u00ed pro DVPP a metodick\u00e9 centrum Litom\u011b\u0159ice.<\/td><td>Praktick\u00fd workshop na t\u00e9ma didaktick\u00e9 materi\u00e1ly<\/td><\/tr><tr><td>15:00<\/td><td><strong>Au\u0161 &#8211; Ape<\/strong><\/td><td>Losov\u00e1n\u00ed cen<\/td><\/tr><\/tbody><\/table><\/figure>\n\n\n\n<h3 class=\"has-text-align-center\"><strong>3 de diciembre de 2022<\/strong><br>Jornada de la APE: EL 30 aniversario de la creaci\u00f3n<br>Praga, FF UK, \u0160pork\u016fv pal\u00e1c<\/h3>\n\n\n\n<figure class=\"wp-block-table\"><table><tbody><tr><td><\/td><td>Programa<\/td><td>Tema<\/td><\/tr><tr><td>10:00<\/td><td><strong>Isabel<\/strong> <strong>Contreras ,<\/strong><br>Gymn\u00e1zium Lu\u010fka Pika, Plze\u0148<br><strong>Amaya Cal Linares<\/strong>, Agregada de Educaci\u00f3n en R.CH.<\/td><td>Inauguraci\u00f3n + Bienvenida a los participantes, informaci\u00edon de la embajada.<\/td><\/tr><tr><td>10:05-10:30<\/td><td><strong>Daniel Alejandro M\u00e1rquez Guzm\u00e1n,<\/strong> \u00dastav rom\u00e1nsk\u00fdch studi\u00ed Univerzita Karlova, Filozofick\u00e1 fakulta<\/td><td>La motivaci\u00f3n y las tareas en la clase de lengua extranjera.<\/td><\/tr><tr><td>10:30-10:55<\/td><td><strong>Javier Gonz\u00e1lez Lozano<\/strong>, \u00dastav rom\u00e1nsk\u00fdch studi\u00ed Univerzita Karlova, Filozofick\u00e1 fakulta<\/td><td>Tecnolog\u00eda para la instrucci\u00f3n gramatical.<\/td><\/tr><tr><td>11: 00-11:40<\/td><td>prof. PhDr. <strong>Josef Opatrn\u00fd<\/strong>, CSc., historik a iberoamerikanista, od roku 1990 do 2019: vedouc\u00ed St\u0159ediska ibero-americk\u00fdch studi\u00ed (SIAS) Filozofick\u00e9 fakulty Univerzity Karlovy.<\/td><td>\u010cesk\u00e1 emigrace do Latinsk\u00e9 Ameriky \u2013<br>Emigraci\u00f3n checa a Am\u00e9rica Latina.<\/td><\/tr><tr><td>12:00-12:55<\/td><td><strong>M\u00f3nica Col\u00e1s Aparicio<\/strong>, Editorial Anaya<\/td><td>C\u00f3mo intentar ser el profe que necesitan los<br>adolescentes.<\/td><\/tr><tr><td>13:00-13:40<\/td><td>Prof. PhDr. <strong>Pavel \u0160t\u011bp\u00e1nek<\/strong>, Ph.D., kunsthistorik, odborn\u00edk na d\u011bjiny um\u011bn\u00ed a architektury hisp\u00e1nsk\u00e9ho sv\u011bta<\/td><td>Praha \u0161pan\u011blsk\u00e1.<\/td><\/tr><tr><td>13:40 &#8211; 14: 15<\/td><td>doc. PhDr. <strong>Vlasta Hlavi\u010dkov\u00e1<\/strong>, CSc., PhDr. <strong>Anna Mi\u0161tinov\u00e1<\/strong>, <strong>Lenka Formanov\u00e1<\/strong><\/td><td>Momentos especiales de los inicios de la<br>asociaci\u00f3n, coloquio con personalidades representativas de AU\u0160.<\/td><\/tr><tr><td>14:30<\/td><td>Asamblea general AU\u0160<\/td><td>Body jedn\u00e1n\u00ed: hospoda\u0159en\u00ed asociace v roce 2022, pl\u00e1n \u010dinnosti na n\u00e1sleduj\u00edc\u00ed obdob\u00ed, v\u00fd\u0161e \u010dlensk\u00e9ho p\u0159\u00edsp\u011bvku a jeho \u00fahrada.<\/td><\/tr><\/tbody><\/table><\/figure>\n\n\n\n<h2 class=\"has-text-align-left\"><strong>4 de junio de 2022 <\/strong><\/h2>\n\n\n\n<h2><strong>Jornada did\u00e1ctica de la APE <\/strong><\/h2>\n\n\n\n<p><strong>\u010cesk\u00e9 Bud\u011bjovice, Jiho\u010desk\u00e1 univerzita, Filozofick\u00e1 fakulta<\/strong><\/p>\n\n\n\n<figure class=\"wp-block-table\"><table><tbody><tr><td><\/td><td>Programa<\/td><td>Tema<\/td><\/tr><tr><td>10:00<\/td><td> <strong>PhDr. Jana Pe\u0161kov\u00e1, Ph.D., <\/strong>Instituto de estudios rom\u00e1nicos<br> presidenta de APE<strong> Lenka Formanov\u00e1<\/strong><\/td><td>Bienvenida a los participantes<\/td><\/tr><tr><td>10:05-10:45<\/td><td><strong>Sec. Facundo D. Herrera<\/strong>, Encargado de los asuntos pol\u00edticos y culturales de la Embajada argentina en Rep. Checa <\/td><td>LAS RELACIONES ENTRE LA ARGENTINA Y LA REP. CHECA<\/td><\/tr><tr><td>10:50-11:50<\/td><td><strong>Dr. Gabriela Leighton<\/strong>&#8211; Dip.Rodrigo Jimeno, Universidad Nacional de San Mart\u00edn+ Universidad de Mor\u00f3n, Buenos Aires <\/td><td>LA COMPRENSI\u00d3N ESCRITA: EL MAPA CONCEPTUAL COMO ESTRATEGIA DE APROPIACI\u00d3N TEXTUAL<\/td><\/tr><tr><td>12:30-13:30<\/td><td><strong>Claudia Vargas Barros<\/strong>, Universidad de Bohemia del Sur, Facultad de Letras <\/td><td>EL ESPA\u00d1OL ATL\u00c1NTICO DEL ARCHIPI\u00c9LAGO CANARIO: LA VARIEDAD DE LA ETERNA PRIMAVERA<\/td><\/tr><tr><td>13:35-14:15<\/td><td><strong>Pavl\u00edna Kr\u00e1lov\u00e1<\/strong>, Universidad de Bohemia del Sur, Facultad de Letras<\/td><td>COCOLICHE Y LUNFARDO EN EL ESPA\u00d1OL ARGENTINO<\/td><\/tr><tr><td><\/td><td><\/td><td><\/td><\/tr><\/tbody><\/table><\/figure>\n\n\n\n<h2 class=\"has-text-align-center\">6 de noviembre de 2021<br><strong>Jornada did\u00e1ctica de la APE<\/strong><\/h2>\n\n\n\n<p class=\"has-text-align-center\"><strong>Gymn\u00e1zium Hladnov, Hladnovsk\u00e1 1332\/35, 710 00 Slezsk\u00e1 Ostrava<\/strong><\/p>\n\n\n\n<figure class=\"wp-block-table\"><table><tbody><tr><td><\/td><td class=\"has-text-align-center\" data-align=\"center\"><strong>Programa<\/strong><\/td><td class=\"has-text-align-center\" data-align=\"center\"><strong>Tema<\/strong><\/td><\/tr><tr><td>10:30 <\/td><td class=\"has-text-align-center\" data-align=\"center\"><strong>Lenka Formanov\u00e1<\/strong>,<br>Presidenta de la APE<\/td><td class=\"has-text-align-center\" data-align=\"center\">Saludo a los participantes<\/td><\/tr><tr><td>10:35<\/td><td class=\"has-text-align-center\" data-align=\"center\"><strong>Mark\u00e9ta Panc\u00ed\u0159ov\u00e1,<\/strong><br>Prvn\u00ed soukrom\u00e9 jazykov\u00e9 Gymn\u00e1zium v&nbsp;Hradci Kr\u00e1lov\u00e9&nbsp;<\/td><td class=\"has-text-align-center\" data-align=\"center\">Presentaci\u00f3n de las p\u00e1ginas web<\/td><\/tr><tr><td>10:45<\/td><td class=\"has-text-align-center\" data-align=\"center\"><strong>Linet Casanova,<\/strong><br>jazykov\u00e1 \u0161kola Britannika v Praze 2<\/td><td class=\"has-text-align-center\" data-align=\"center\">&#8222;Andar La Habana contada por su gente&#8220;<\/td><\/tr><tr><td>11:45<\/td><td class=\"has-text-align-center\" data-align=\"center\"><strong>Jos\u00e9 Antonio Rojo<\/strong>,<br>Gymn\u00e1zium Hladnov v Ostrav\u011b<\/td><td class=\"has-text-align-center\" data-align=\"center\">Ex\u00e1menes DELE para escolares<\/td><\/tr><tr><td>12:45<\/td><td class=\"has-text-align-center\" data-align=\"center\">Descanso<\/td><td class=\"has-text-align-center\" data-align=\"center\"><\/td><\/tr><tr><td>13:45<\/td><td class=\"has-text-align-center\" data-align=\"center\"><strong>Pedro Garc\u00eda Guirao<\/strong>,<br>Filozofick\u00e1 fakulta Ostravsk\u00e9 univerzity<\/td><td class=\"has-text-align-center\" data-align=\"center\">Maneras innovadoras de leer (en voz alta ) en la clase de espa\u00f1ol <\/td><\/tr><tr><td>14:45<\/td><td class=\"has-text-align-center\" data-align=\"center\"><strong>Irena Fialov\u00e1,<\/strong><br>Filozofick\u00e1 fakulta Ostravsk\u00e9 univerzity<\/td><td class=\"has-text-align-center\" data-align=\"center\">Prezentace Katedry romanistiky FF OU<\/td><\/tr><tr><td>15:45<\/td><td class=\"has-text-align-center\" data-align=\"center\"><strong>Jana M\u00e1chov\u00e1<\/strong>,<br>studentka Filozofick\u00e9 fakulta Ostravsk\u00e9 univerzity<\/td><td class=\"has-text-align-center\" data-align=\"center\">Panza de burro de Andrea Abreu, \u00bfuna novela de la identidad feminista actual?<\/td><\/tr><tr><td>16:15<\/td><td class=\"has-text-align-center\" data-align=\"center\"><strong>Jedn\u00e1n\u00ed valn\u00e9 hromady AU\u0160<\/strong><\/td><td class=\"has-text-align-center\" data-align=\"center\">Body jedn\u00e1n\u00ed: hospoda\u0159en\u00ed asociace v roce 2020, pl\u00e1n \u010dinnosti na n\u00e1sleduj\u00edc\u00ed obdob\u00ed, v\u00fd\u0161e \u010dlensk\u00e9ho p\u0159\u00edsp\u011bvku a jeho \u00fahrada, volby do v\u00fdboru a revizn\u00ed komise AU\u0160 a dal\u0161\u00ed<\/td><\/tr><\/tbody><\/table><\/figure>\n\n\n\n<ul class=\"wp-block-devrix-easy-image-gallery-block easy-image-gallery thumbnails-4 linked\" data-total-slides=\"6\"><li><a href=\"http:\/\/aus-ape.cz\/wp-content\/uploads\/2021\/12\/20211106_104711.jpg\" data-fancybox=\"gallery960\" data-caption=\"\" class=\"eig-popup\"><i class=\"icon-view\"><\/i><span class=\"overlay\"><\/span><img loading=\"lazy\" class=\"attachment-thumbnail size-thumbnail\" src=\"http:\/\/aus-ape.cz\/wp-content\/uploads\/2021\/12\/20211106_104711-150x150.jpg\" data-slide-no=\"0\" alt=\"\" width=\"150\" height=\"150\"\/><\/a><\/li><li><a href=\"http:\/\/aus-ape.cz\/wp-content\/uploads\/2021\/12\/20211106_105439.jpg\" data-fancybox=\"gallery960\" data-caption=\"\" class=\"eig-popup\"><i class=\"icon-view\"><\/i><span class=\"overlay\"><\/span><img loading=\"lazy\" class=\"attachment-thumbnail size-thumbnail\" src=\"http:\/\/aus-ape.cz\/wp-content\/uploads\/2021\/12\/20211106_105439-150x150.jpg\" data-slide-no=\"1\" alt=\"\" width=\"150\" height=\"150\"\/><\/a><\/li><li><a href=\"http:\/\/aus-ape.cz\/wp-content\/uploads\/2021\/12\/20211106_120057.jpg\" data-fancybox=\"gallery960\" data-caption=\"\" class=\"eig-popup\"><i class=\"icon-view\"><\/i><span class=\"overlay\"><\/span><img loading=\"lazy\" class=\"attachment-thumbnail size-thumbnail\" src=\"http:\/\/aus-ape.cz\/wp-content\/uploads\/2021\/12\/20211106_120057-150x150.jpg\" data-slide-no=\"2\" alt=\"\" width=\"150\" height=\"150\"\/><\/a><\/li><li><a href=\"http:\/\/aus-ape.cz\/wp-content\/uploads\/2021\/12\/20211106_142255-1.jpg\" data-fancybox=\"gallery960\" data-caption=\"\" class=\"eig-popup\"><i class=\"icon-view\"><\/i><span class=\"overlay\"><\/span><img loading=\"lazy\" class=\"attachment-thumbnail size-thumbnail\" src=\"http:\/\/aus-ape.cz\/wp-content\/uploads\/2021\/12\/20211106_142255-1-150x150.jpg\" data-slide-no=\"3\" alt=\"\" width=\"150\" height=\"150\"\/><\/a><\/li><li><a href=\"http:\/\/aus-ape.cz\/wp-content\/uploads\/2021\/12\/20211106_153928.jpg\" data-fancybox=\"gallery960\" data-caption=\"\" class=\"eig-popup\"><i class=\"icon-view\"><\/i><span class=\"overlay\"><\/span><img loading=\"lazy\" class=\"attachment-thumbnail size-thumbnail\" src=\"http:\/\/aus-ape.cz\/wp-content\/uploads\/2021\/12\/20211106_153928-150x150.jpg\" data-slide-no=\"4\" alt=\"\" width=\"150\" height=\"150\"\/><\/a><\/li><li><a href=\"http:\/\/aus-ape.cz\/wp-content\/uploads\/2021\/12\/20211106_155138.jpg\" data-fancybox=\"gallery960\" data-caption=\"\" class=\"eig-popup\"><i class=\"icon-view\"><\/i><span class=\"overlay\"><\/span><img loading=\"lazy\" class=\"attachment-thumbnail size-thumbnail\" src=\"http:\/\/aus-ape.cz\/wp-content\/uploads\/2021\/12\/20211106_155138-150x150.jpg\" data-slide-no=\"5\" alt=\"\" width=\"150\" height=\"150\"\/><\/a><\/li><\/ul>\n\n\n\n<figure class=\"wp-block-pullquote is-style-default\" style=\"border-color:#000000\"><blockquote><p>20. \u00fanora 2021<br><strong>Setk\u00e1n\u00ed AU\u0160<\/strong><\/p><cite><strong>VIDEOKONFERENCE ZOOM<\/strong><\/cite><\/blockquote><\/figure>\n\n\n\n<div class=\"wp-block-group\"><div class=\"wp-block-group__inner-container\">\n<div class=\"wp-block-buttons aligncenter\">\n<div class=\"wp-block-button\"><a class=\"wp-block-button__link has-white-color has-text-color has-background\" href=\"https:\/\/aus-ape.cz\/wp-content\/uploads\/2021\/02\/Program-unoroveho-setkani-AUS-Programa-de-la-jornada-APE.pdf\" style=\"border-radius:8px;background-color:#c21a1a\" target=\"_blank\" rel=\"noreferrer noopener\">Program setk\u00e1n\u00ed<\/a><\/div>\n<\/div>\n<\/div><\/div>\n\n\n\n<figure class=\"wp-block-pullquote is-style-default\" style=\"border-color:#000000\"><blockquote><p>17 de octubre de 2020<br><strong>Jornada did\u00e1ctica virtual de la APE<\/strong><\/p><cite><strong>Reuni\u00f3n por videoconferencia en Zoom<\/strong><\/cite><\/blockquote><\/figure>\n\n\n\n<figure class=\"wp-block-table\"><table><thead><tr><th><\/th><th>Programa<\/th><th>Tema<\/th><\/tr><\/thead><tbody><tr><td>10:00<\/td><td><strong>Lenka Formanov\u00e1<\/strong>,<br>Presidenta de la APE<\/td><td>Saludo a los participantes<\/td><\/tr><tr><td>10:05<\/td><td><strong>Amaya Cal Linares<\/strong>,<br>Agregada de Educaci\u00f3n, Embajada de Espa\u00f1a<\/td><td>Saludo a los miembros de la APE<\/td><\/tr><tr><td>10:10<\/td><td><strong>Athena Alchazidu, Milada Mal\u00e1<\/strong><br>\u00dastav rom\u00e1nsk\u00fdch jazyk\u016f a literatur FF MU v Brn\u011b<\/td><td>Projekty a programy, kter\u00e9 \u00daRJL nab\u00edz\u00ed \u0161kol\u00e1m, miniworkshop na t\u00e9ma Interaktivn\u00ed a hern\u00ed prvky ve v\u00fduce<\/td><\/tr><tr><td>11:10<\/td><td>Descanso<\/td><td><\/td><\/tr><tr><td>11:20<\/td><td><strong>Arturo Quintero<\/strong><br>\u00dastav rom\u00e1nsk\u00fdch jazyk\u016f a literatur FF MU v Brn\u011b<\/td><td>La vida en el M\u00e9xico contempor\u00e1neo<\/td><\/tr><tr><td>12:20<\/td><td>Discusi\u00f3n<\/td><td><\/td><\/tr><tr><td>12:30<\/td><td><strong>Jedn\u00e1n\u00ed valn\u00e9 hromady AU\u0160<\/strong><\/td><td>Body jedn\u00e1n\u00ed: hospoda\u0159en\u00ed asociace v roce 2019, pl\u00e1n \u010dinnosti na n\u00e1sleduj\u00edc\u00ed obdob\u00ed, v\u00fd\u0161e \u010dlensk\u00e9ho p\u0159\u00edsp\u011bvku a jeho \u00fahrada a dal\u0161\u00ed<\/td><\/tr><\/tbody><\/table><\/figure>\n\n\n\n<figure class=\"wp-block-pullquote\" id=\"block-49a619e9-89eb-41fc-a7da-668d8e0532f6\"><blockquote><p>23 de noviembre de 2019 <br><strong>Jornada did\u00e1ctica de la APE<\/strong><\/p><cite><strong>Praha 6 \u2013 Suchdol, Kam\u00fdck\u00e1 129 (\u010cesk\u00e1 zem\u011bd\u011blsk\u00e1 univerzita)<\/strong><\/cite><\/blockquote><\/figure>\n\n\n\n<figure class=\"wp-block-table\"><table><thead><tr><th><\/th><th><strong>Programa<\/strong><\/th><th><strong>Tema<\/strong><\/th><\/tr><\/thead><tbody><tr><td>10:00<\/td><td><strong>Lenka Formanov\u00e1<\/strong>,<br>Vice-presidenta de la APE<\/td><td>Saludo a los participantes<\/td><\/tr><tr><td>10:05<\/td><td><strong>Amaya Cal Linares<\/strong>,<br>Agregada de Educaci\u00f3n, Embajada de Espa\u00f1a<\/td><td>Saludo a los participantes<\/td><\/tr><tr><td>10:20<\/td><td><strong>David Andr\u00e9s Castillo<\/strong><br>Biskupsk\u00e9 gymn\u00e1zium J. N. Neumanna \/ \u00daR FF JU v \u010cesk\u00fdch Bud\u011bjovic\u00edch<\/td><td>La ense\u00f1anza biling\u00fce de la historia con t\u00e9cnicas de ELE<\/td><\/tr><tr><td>11:30<\/td><td>Descanso<\/td><td><\/td><\/tr><tr><td>11:45<\/td><td><strong>Irena Fialov\u00e1<\/strong><br>KR FF, Ostravsk\u00e1 univerzita<\/td><td>El espa\u00f1ol coloquial en las redes sociales<\/td><\/tr><tr><td>12:45<\/td><td>Descanso<\/td><td><\/td><\/tr><tr><td>13:00<\/td><td><strong>Miguel V\u00e1zquez Pat\u00f3n<\/strong><br>Editorial Draco<\/td><td>Las canciones de mi vida: la m\u00fasica como herramienta en clase de espa\u00f1ol<\/td><\/tr><tr><td>14:30<\/td><td><strong>Jedn\u00e1n\u00ed valn\u00e9 hromady AU\u0160<\/strong><\/td><td>Body jedn\u00e1n\u00ed: hospoda\u0159en\u00ed asociace v roce 2018, pl\u00e1n \u010dinnosti na n\u00e1sleduj\u00edc\u00ed obdob\u00ed, v\u00fd\u0161e \u010dlensk\u00e9ho p\u0159\u00edsp\u011bvku a jeho \u00fahrada, volby do v\u00fdboru a revizn\u00ed komise AU\u0160 a dal\u0161\u00ed<\/td><\/tr><\/tbody><\/table><\/figure>","protected":false},"excerpt":{"rendered":"<p>el 22 de noviembre 2025 Jornada de la APE &nbsp;Gymn\u00e1zium Lu\u010fka Pika, Plze\u0148 Programa Tema 10:00 Bienvenida e Introducci\u00f3n. 10:00-11:00 Santiago Fari\u00f1a Obras son amores y no buenas razones &#8230;c\u00f3mo explicar y ejercitar los art\u00edculos. 11.10 &#8211; 12.25 Mat\u011bj Ptaszek Corta la hierba, no se ven los serpientes. Las historias de Mateo Ptaszek, el bluesman [&hellip;]<\/p>","protected":false},"author":1,"featured_media":0,"parent":0,"menu_order":0,"comment_status":"closed","ping_status":"closed","template":"","meta":[],"_links":{"self":[{"href":"https:\/\/aus-ape.cz\/es\/wp-json\/wp\/v2\/pages\/29"}],"collection":[{"href":"https:\/\/aus-ape.cz\/es\/wp-json\/wp\/v2\/pages"}],"about":[{"href":"https:\/\/aus-ape.cz\/es\/wp-json\/wp\/v2\/types\/page"}],"author":[{"embeddable":true,"href":"https:\/\/aus-ape.cz\/es\/wp-json\/wp\/v2\/users\/1"}],"replies":[{"embeddable":true,"href":"https:\/\/aus-ape.cz\/es\/wp-json\/wp\/v2\/comments?post=29"}],"version-history":[{"count":55,"href":"https:\/\/aus-ape.cz\/es\/wp-json\/wp\/v2\/pages\/29\/revisions"}],"predecessor-version":[{"id":1828,"href":"https:\/\/aus-ape.cz\/es\/wp-json\/wp\/v2\/pages\/29\/revisions\/1828"}],"wp:attachment":[{"href":"https:\/\/aus-ape.cz\/es\/wp-json\/wp\/v2\/media?parent=29"}],"curies":[{"name":"wp","href":"https:\/\/api.w.org\/{rel}","templated":true}]}}